{"id":1577,"date":"2021-01-09T11:00:40","date_gmt":"2021-01-09T10:00:40","guid":{"rendered":"http:\/\/digisuli.szekszardiszc.hu\/?page_id=1577"},"modified":"2025-09-24T11:54:10","modified_gmt":"2025-09-24T09:54:10","slug":"uj-nyito","status":"publish","type":"page","link":"http:\/\/digisuli.tmszc.hu\/","title":{"rendered":"Nyit\u00f3"},"content":{"rendered":"<div id=\"pl-1577\"  class=\"panel-layout\" ><div id=\"pg-1577-0\"  class=\"panel-grid panel-no-style\" ><div id=\"pgc-1577-0-0\"  class=\"panel-grid-cell\" ><div id=\"panel-1577-0-0-0\" class=\"so-panel widget widget_black-studio-tinymce widget_black_studio_tinymce panel-first-child\" data-index=\"0\" ><div class=\"textwidget\"><p><!--\n\n\n<div id=\"panel-36-0-0-1\" class=\"panel widget widget_black-studio-tinymce\">\n\n\n<div class=\"textwidget\">\n\n\n<p style=\"text-align: justify;\"><a href=\"http:\/\/digisuli.tmszc.hu\/wp-content\/uploads\/2017\/04\/digisuli.jpg\"><img class=\"alignleft wp-image-57 \" src=\"http:\/\/digisuli.tmszc.hu\/wp-content\/uploads\/2017\/04\/digisuli-150x150.jpg\" alt=\"\" width=\"149\" height=\"149\" \/><\/a><span style=\"font-family: verdana,geneva,sans-serif; color: #000000; font-size: 12px;\">Int\u00e9zm\u00e9ny\u00fcnk a <strong>T\u00c1MOP-3.2.1\/B-09\/2-2010-0006<\/strong> p\u00e1ly\u00e1zat keret\u00e9ben az Apertus K\u00f6zalap\u00edtv\u00e1ny technol\u00f3giai, tartalmi \u00e9s m\u00f3dszertani t\u00e1mogat\u00e1s\u00e1nak k\u00f6sz\u00f6nhet\u0151en a 2010\/11-es tan\u00e9vben ind\u00edtotta \u00fatj\u00e1ra a Szent L\u00e1szl\u00f3 Digit\u00e1lis K\u00f6z\u00e9piskol\u00e1t. A Digit\u00e1lis K\u00f6z\u00e9piskola \u2212 az interneten szervezett iskola azon feln\u0151ttek sz\u00e1m\u00e1ra ad lehet\u0151s\u00e9get a gimn\u00e1ziumi \u00e9retts\u00e9gi megszerz\u00e9s\u00e9re, akik a hagyom\u00e1nyos feln\u0151ttoktat\u00e1s kereteiben nem lenn\u00e9nek k\u00e9pesek egyed\u00fcl, a tanul\u00e1sban magukra hagyatva felk\u00e9sz\u00fclni az \u00e9retts\u00e9gire.<\/span><\/p>\n\n\n\n\n<p style=\"text-align: justify;\"><span style=\"font-family: verdana,geneva,sans-serif; color: #000000; font-size: 12px;\">Az interneten foly\u00f3 oktat\u00e1sszervez\u00e9s \u00faj feladatokat \u00e9s lehet\u0151s\u00e9geket teremt. Lehet\u0151s\u00e9get ad a tanul\u00e1s \u00e9s tutor\u00e1l\u00e1s hely\u00e9nek \u00e9s idej\u00e9nek megv\u00e1laszt\u00e1s\u00e1ra, digit\u00e1lisan k\u00f6zvet\u00edtett tananyag felhaszn\u00e1l\u00e1s\u00e1ra, k\u00f6tetlenebb kapcsolattart\u00e1sra \u00e9s inform\u00e1ci\u00f3 \u00e1tad\u00e1sra. A lehet\u0151s\u00e9gek azonban feladatokat is jelentenek: a tananyagot digit\u00e1lis form\u00e1ban fel kell dolgozni, a megjelen\u00edthet\u0151s\u00e9g\u00e9t biztos\u00edtani kell, \u00e9s kell valaki, aki a k\u00e9rd\u00e9sekre v\u00e1laszol, aki k\u00f6veti a tanul\u00f3t az el\u0151rehalad\u00e1sban, megv\u00e1laszolja a k\u00e9rd\u00e9seit, de sz\u00e1mon is k\u00e9r: aki elmarad - mi\u00e9rt marad el.<\/span><\/p>\n\n\n\n\n<p style=\"text-align: justify;\"><span style=\"font-family: verdana,geneva,sans-serif; color: #000000; font-size: 12px;\">A Digit\u00e1lis K\u00f6z\u00e9piskola - az interneten szervezett iskola oktat\u00e1si form\u00e1ban alkalmazott m\u00f3dszere \u00fan. vegyes (angol szaksz\u00f3val: blended) oktat\u00e1si forma, amelyben a <strong>szem\u00e9lyes jelenl\u00e9t \u00e9s a t\u00e1voktat\u00e1s elemei egy\u00fcttesen vannak jelen<\/strong>. A tanul\u00e1si forma szerves egys\u00e9gk\u00e9nt<\/span>\n<span style=\"font-family: verdana,geneva,sans-serif; color: #000000; font-size: 12px;\"> \u00a0<\/span>\n\n\n<ul>\n \t\n\n<li style=\"text-align: justify;\"><span style=\"font-family: verdana,geneva,sans-serif; color: #000000; font-size: 12px;\">tartalmazza a digit\u00e1lis tananyagot, mely teljes k\u00f6r\u0171en tartalmazza a m\u0171velts\u00e9gi ter\u00fcletek tant\u00e1rgyakra bontott, 9-12. \u00e9vfolyamos gimn\u00e1ziumi tananyag\u00e1t,<\/span><\/li>\n\n\n<\/ul>\n\n\n\n\n<ul>\n \t\n\n<li style=\"text-align: justify;\"><span style=\"font-family: verdana,geneva,sans-serif; color: #000000; font-size: 12px;\">\u00e9s a tanul\u00f3i el\u0151remenetel figyel\u00e9s\u00e9re, tutor\u00e1l\u00e1sra, digit\u00e1lis kapcsolattart\u00e1sra \u00e9s t\u00e1mogat\u00e1sra alkalmas Integr\u00e1lt Tanul\u00e1si \u00e9s Adminisztr\u00e1ci\u00f3s K\u00f6rnyezetet (ITAK), mely tanul\u00e1smenedzsment eszk\u00f6z\u00f6kkel felszerelve k\u00e9pes a digit\u00e1lis tananyagok megjelen\u00edt\u00e9s\u00e9re.<\/span><\/li>\n\n\n<\/ul>\n\n\n\n\n<p style=\"text-align: justify;\"><span style=\"font-family: verdana,geneva,sans-serif; color: #000000; font-size: 12px;\">Emellett a csoportos oktat\u00e1s \u00e9s a digit\u00e1lis eszk\u00f6z\u00f6kkel seg\u00edtett egy\u00e9ni felk\u00e9sz\u00fcl\u00e9s m\u00f3dszere seg\u00edti a hat\u00e9kony tanul\u00e1st. Az interneten el\u00e9rhet\u0151 tanul\u00e1si k\u00f6rnyezet, a tanul\u00e1s-tan\u00edt\u00e1s szervez\u00e9se, a k\u00f6z\u00f6ss\u00e9gi terek, az egy\u00fcttm\u0171k\u00f6d\u00e9sek \u00e9s szem\u00e9lyre sz\u00f3l\u00f3 tanul\u00e1sm\u00f3dszertan lehet\u0151s\u00e9ge, az ismeret tervezett \u00e9s szervezett elsaj\u00e1t\u00edt\u00e1s\u00e1nak t\u00e1mogat\u00e1sa hozz\u00e1j\u00e1rul a tanul\u00e1s eredm\u00e9nyess\u00e9g\u00e9hez.<\/span><\/p>\n\n\n\n<\/div>\n\n\n<\/div>\n\n\n\n\n<div id=\"panel-36-0-0-2\" class=\"panel widget widget_black-studio-tinymce\"><span style=\"font-family: verdana,geneva,sans-serif; color: #000000; font-size: 12px;\">\u00a0<\/span><\/div>\n\n\n--><\/p>\n<\/div><\/div><div id=\"panel-1577-0-0-1\" class=\"so-panel widget widget_black-studio-tinymce widget_black_studio_tinymce\" data-index=\"1\" ><h3 class=\"widget-title\">\u00d3rarend I. f\u00e9l\u00e9v (2025.09.01.)<\/h3><div class=\"textwidget\"><p>Az \u00f3rarendek tekintet\u00e9ben k\u00e9rj\u00fck t\u00e1j\u00e9koz\u00f3djon a <a href=\"https:\/\/szkszc-valyi.e-kreta.hu\/\">Kr\u00e9ta<\/a> rendszerben.<\/p>\n<p><!--\n&nbsp;\n\n\n<table style=\"height: 400px; width: 86.7275%; border-collapse: collapse; background-color: #ffffff;\">\n\n\n<tbody>\n\n\n<tr style=\"height: 24px;\">\n\n\n<td style=\"width: 30%; height: 24px;\"><\/td>\n\n\n\n\n<td style=\"width: 30%; height: 24px;\"><\/td>\n\n\n\n\n<td style=\"width: 30%; height: 24px;\"><\/td>\n\n\n<\/tr>\n\n\n\n\n<tr style=\"height: 24px;\">\n\n\n<td style=\"width: 30%; height: 24px;\"><strong>KK\/12\/1<\/strong><\/td>\n\n\n\n\n<td style=\"width: 30%; height: 24px;\"><strong>KK13\/2<\/strong><\/td>\n\n\n\n\n<td style=\"width: 30%; height: 24px;\"><\/td>\n\n\n<\/tr>\n\n\n\n\n<tr style=\"height: 100px; background-color: #ffffff;\">\n\n\n<td style=\"width: 30%; height: 100px;\"><a href=\"http:\/\/digisuli.tmszc.hu\/wp-content\/uploads\/2025\/09\/osztalyorarend_2025-26_I_felev_12_1_3-scaled.jpg\"><img class=\"wp-image-1913 aligncenter\" src=\"http:\/\/digisuli.tmszc.hu\/wp-content\/uploads\/2025\/09\/osztalyorarend_2025-26_I_felev_12_1_3-300x212.jpg\" alt=\"\" width=\"430\" height=\"305\" \/><\/a><\/td>\n\n\n\n\n<td style=\"width: 30%; background-color: #ffffff; height: 100px;\"><a href=\"http:\/\/digisuli.tmszc.hu\/wp-content\/uploads\/2025\/09\/osztalyorarend_2025-26_I_felev_13_2_3-scaled.jpg\"><img class=\"wp-image-1916 aligncenter\" src=\"http:\/\/digisuli.tmszc.hu\/wp-content\/uploads\/2025\/09\/osztalyorarend_2025-26_I_felev_13_2_3-300x212.jpg\" alt=\"\" width=\"430\" height=\"305\" \/><\/a><\/td>\n\n\n\n\n<td style=\"width: 30%; height: 100px;\"><\/td>\n\n\n<\/tr>\n\n\n\n\n<tr style=\"height: 100px; background-color: #ffffff;\">\n\n\n<td style=\"width: 30%; height: 100px;\"><a href=\"http:\/\/digisuli.tmszc.hu\/wp-content\/uploads\/2025\/09\/osztalyorarend_2025-26_I_felev_12_1_2-scaled.jpg\"><img class=\"wp-image-1912 aligncenter\" src=\"http:\/\/digisuli.tmszc.hu\/wp-content\/uploads\/2025\/09\/osztalyorarend_2025-26_I_felev_12_1_2-300x212.jpg\" alt=\"\" width=\"430\" height=\"305\" \/><\/a><\/td>\n\n\n\n\n<td style=\"width: 30%; height: 100px;\"><a href=\"http:\/\/digisuli.tmszc.hu\/wp-content\/uploads\/2025\/09\/osztalyorarend_2025-26_I_felev_13_2_2-scaled.jpg\"><img class=\"wp-image-1915 aligncenter\" src=\"http:\/\/digisuli.tmszc.hu\/wp-content\/uploads\/2025\/09\/osztalyorarend_2025-26_I_felev_13_2_2-300x212.jpg\" alt=\"\" width=\"430\" height=\"305\" \/><\/a><\/td>\n\n\n\n\n<td style=\"width: 30%; background-color: #ffffff; height: 100px;\"><\/td>\n\n\n<\/tr>\n\n\n\n\n<tr style=\"background-color: #ffffff;\">\n\n\n<td style=\"width: 30%; height: 100px;\"><a href=\"http:\/\/digisuli.tmszc.hu\/wp-content\/uploads\/2025\/09\/osztalyorarend_2025-26_I_felev_12_1_1-scaled.jpg\"><img class=\"wp-image-1911 aligncenter\" src=\"http:\/\/digisuli.tmszc.hu\/wp-content\/uploads\/2025\/09\/osztalyorarend_2025-26_I_felev_12_1_1-300x212.jpg\" alt=\"\" width=\"430\" height=\"305\" \/><\/a><\/td>\n\n\n\n\n<td style=\"width: 30%; height: 100px;\"><a href=\"http:\/\/digisuli.tmszc.hu\/wp-content\/uploads\/2025\/09\/osztalyorarend_2025-26_I_felev_13_2_1-scaled.jpg\"><img class=\"wp-image-1914 aligncenter\" src=\"http:\/\/digisuli.tmszc.hu\/wp-content\/uploads\/2025\/09\/osztalyorarend_2025-26_I_felev_13_2_1-300x212.jpg\" alt=\"\" width=\"430\" height=\"305\" \/><\/a><\/td>\n\n\n\n\n<td style=\"width: 30%; height: 100px;\"><\/td>\n\n\n<\/tr>\n\n\n<\/tbody>\n\n\n<\/table>\n\n\n<span style=\"color: #000000;\"><strong>Nyomtathat\u00f3 form\u00e1ban let\u00f6lthet\u0151 <a href=\"http:\/\/digisuli.tmszc.hu\/wp-content\/uploads\/2025\/09\/osztalyorarend_2025-26_I_felev.pdf\">itt!<\/a><\/strong><\/span>\n--><\/p>\n<\/div><\/div><div id=\"panel-1577-0-0-2\" class=\"so-panel widget widget_black-studio-tinymce widget_black_studio_tinymce panel-last-child\" data-index=\"2\" ><h3 class=\"widget-title\">Vizsgarend<\/h3><div class=\"textwidget\"><p><span style=\"font-size: 14px; color: #000000;\">Di\u00e1kjaink f\u00e9l\u00e9v \u00e9s \u00e9v v\u00e9g\u00e9n oszt\u00e1lyoz\u00f3 vizsg\u00e1n adnak sz\u00e1mot tud\u00e1sukr\u00f3l.<\/span><\/p>\n<table style=\"height: 26px; width: 23.1904%;\" border=\"0\" cellspacing=\"0\" cellpadding=\"0\">\n<tbody>\n<tr style=\"height: 10px;\">\n<td style=\"text-align: left; width: 95.9303%; height: 13px;\"><span style=\"font-size: 12px; color: #000000;\">Vizsgaszab\u00e1lyzat let\u00f6lthet\u0151 itt:<\/span><\/td>\n<td style=\"width: 97.7752%; height: 13px;\"><a href=\"http:\/\/digisuli.tmszc.hu\/wp-content\/uploads\/2025\/07\/Vizsgaszabalyzat_technikum-erettsegire-felkeszito_KK_Valyi2025.pdf\" target=\"_blank\" rel=\"noopener\"><img class=\"alignleft wp-image-882 size-full\" src=\"http:\/\/digisuli.tmszc.hu\/wp-content\/uploads\/2019\/01\/PDF_icon-e1552472370861.png\" alt=\"\" width=\"30\" height=\"42\" \/><\/a><\/td>\n<\/tr>\n<\/tbody>\n<\/table>\n<p><span style=\"font-size: 12px;\"><span style=\"font-size: 14px;\"><strong>Jelentkez\u00e9si lap oszt\u00e1lyoz\u00f3 vizsg\u00e1ra let\u00f6lthet\u0151: <a href=\"http:\/\/digisuli.tmszc.hu\/wp-content\/uploads\/2025\/05\/jellap_ov_digisuli_KK_2024-2025_junius.rtf\">KK13\/2<\/a> \u00a0\u00a0 \u00a0<\/strong><\/span><\/span><\/p>\n<p>&nbsp;<\/p>\n<\/div><\/div><\/div><\/div><\/div>","protected":false},"excerpt":{"rendered":"<p>Az \u00f3rarendek tekintet\u00e9ben k\u00e9rj\u00fck t\u00e1j\u00e9koz\u00f3djon a Kr\u00e9ta rendszerben. Di\u00e1kjaink f\u00e9l\u00e9v \u00e9s \u00e9v v\u00e9g\u00e9n oszt\u00e1lyoz\u00f3 vizsg\u00e1n adnak sz\u00e1mot tud\u00e1sukr\u00f3l. Vizsgaszab\u00e1lyzat let\u00f6lthet\u0151 itt: Jelentkez\u00e9si lap oszt\u00e1lyoz\u00f3 vizsg\u00e1ra let\u00f6lthet\u0151: KK13\/2 \u00a0\u00a0 \u00a0 &nbsp;<\/p>\n","protected":false},"author":1,"featured_media":0,"parent":0,"menu_order":0,"comment_status":"closed","ping_status":"closed","template":"","meta":[],"_links":{"self":[{"href":"http:\/\/digisuli.tmszc.hu\/index.php?rest_route=\/wp\/v2\/pages\/1577"}],"collection":[{"href":"http:\/\/digisuli.tmszc.hu\/index.php?rest_route=\/wp\/v2\/pages"}],"about":[{"href":"http:\/\/digisuli.tmszc.hu\/index.php?rest_route=\/wp\/v2\/types\/page"}],"author":[{"embeddable":true,"href":"http:\/\/digisuli.tmszc.hu\/index.php?rest_route=\/wp\/v2\/users\/1"}],"replies":[{"embeddable":true,"href":"http:\/\/digisuli.tmszc.hu\/index.php?rest_route=%2Fwp%2Fv2%2Fcomments&post=1577"}],"version-history":[{"count":219,"href":"http:\/\/digisuli.tmszc.hu\/index.php?rest_route=\/wp\/v2\/pages\/1577\/revisions"}],"predecessor-version":[{"id":1935,"href":"http:\/\/digisuli.tmszc.hu\/index.php?rest_route=\/wp\/v2\/pages\/1577\/revisions\/1935"}],"wp:attachment":[{"href":"http:\/\/digisuli.tmszc.hu\/index.php?rest_route=%2Fwp%2Fv2%2Fmedia&parent=1577"}],"curies":[{"name":"wp","href":"https:\/\/api.w.org\/{rel}","templated":true}]}}